{"id":80,"date":"2017-05-16T09:17:36","date_gmt":"2017-05-16T07:17:36","guid":{"rendered":"http:\/\/www.altersresidenzverein.org\/?page_id=80"},"modified":"2017-06-23T15:25:10","modified_gmt":"2017-06-23T13:25:10","slug":"eigentuemer-projektleiter-spender","status":"publish","type":"page","link":"https:\/\/www.altersresidenzverein.org\/index.php\/eigentuemer-projektleiter-spender\/","title":{"rendered":"Eigent\u00fcmer \u2013 Projektleiter \u2013 Spender"},"content":{"rendered":"<h1>Residenzen f\u00fcr Eigent\u00fcmer mit Wohnraum<\/h1>\n<p><span style=\"font-size: 12pt;\">Sie k\u00f6nnen Ihr eigenes soziales Wohnprojekt umsetzen!<\/span><\/p>\n<p><span style=\"font-size: 12pt;\">Voraussetzungen:<\/span><\/p>\n<p><span style=\"font-size: 12pt;\">Sie haben Wohnraum und genaue Vorstellungen dar\u00fcber was Ihnen wichtig ist.<\/span><\/p>\n<h2>Beispiel f\u00fcr Eigent\u00fcmer mit Wohnraum<\/h2>\n<p><span style=\"font-size: 12pt;\">Wenn Sie \u00fcber Wohnraum verf\u00fcgen und sozialen Wohnraum daraus machen m\u00f6chten, dann haben Sie die eine H\u00e4lfte der Strecke schon \u00fcberwunden.<\/span><\/p>\n<p><span style=\"font-size: 12pt;\">Jetzt geht es nur noch darum, dass Sie genaue Angaben dar\u00fcber machen, wie Ihr soziales Wohnprojekt aussehen soll, bzw. welche individuellen Vorstellungen Sie haben.<\/span><\/p>\n<p><span style=\"font-size: 12pt;\">Zuerst wird ein pers\u00f6nliches Treffen und Analysegespr\u00e4ch bei Ihnen in den Wohnr\u00e4umen durchgef\u00fchrt. Bereits bei diesem Gespr\u00e4ch k\u00f6nnen Sie Ihre pers\u00f6nlichen W\u00fcnsche in Bezug auf das zuk\u00fcnftige Wohnprojekt festlegen und somit die Eckpfeiler Ihres Projektes setzen.<\/span><\/p>\n<p><span style=\"font-size: 12pt;\">Bei tats\u00e4chlicher Umsetzung ist Ihre Wohnung oder Ihr Haus ein eigenst\u00e4ndiges Projekt mit Ihnen als Projektleiter im Innenverh\u00e4ltnis. Der ARV \u2013 Altersresidenzverein \u00fcbernimmt im Hintergrund alle notwendigen Aufgaben in der Verwaltung und in der Organisation.<\/span><\/p>\n<p><span style=\"font-size: 12pt;\">An Ihnen liegt es zu bestimmen was Ihnen langfristig wichtig ist und welche gleichgesinnte Personen mit Ihnen die gemeinsame Zukunft mit allen Vorz\u00fcgen geniessen d\u00fcrfen.<\/span><\/p>\n<h2>Vorteile:<\/h2>\n<ul>\n<li><span style=\"font-size: 12pt;\">Renovierung, Sanierung und s\u00e4mtliche handwerkliche T\u00e4tigkeiten werden vom Verein durchgef\u00fchrt.<\/span><\/li>\n<li><span style=\"font-size: 12pt;\">Alle Aufgaben in Bezug auf die Verwaltung und die operative Abwicklung werden vom Verein durchgef\u00fchrt.<\/span><\/li>\n<li><span style=\"font-size: 12pt;\">Sie haben die Idee, wir setzen sie um!<\/span><\/li>\n<\/ul>\n<p>&nbsp;<\/p>\n","protected":false},"excerpt":{"rendered":"<p>Residenzen f\u00fcr Eigent\u00fcmer mit Wohnraum Sie k\u00f6nnen Ihr eigenes soziales Wohnprojekt umsetzen! Voraussetzungen: Sie haben Wohnraum und genaue Vorstellungen dar\u00fcber was Ihnen wichtig ist. Beispiel f\u00fcr Eigent\u00fcmer mit Wohnraum Wenn Sie \u00fcber Wohnraum verf\u00fcgen und&hellip;<\/p>\n","protected":false},"author":1,"featured_media":0,"parent":0,"menu_order":0,"comment_status":"closed","ping_status":"closed","template":"","meta":{"footnotes":""},"class_list":["post-80","page","type-page","status-publish","hentry"],"yoast_head":"<!-- This site is optimized with the Yoast SEO plugin v27.5 - https:\/\/yoast.com\/product\/yoast-seo-wordpress\/ -->\n<title>Eigent\u00fcmer \u2013 Projektleiter \u2013 Spender - ARV<\/title>\n<meta name=\"robots\" content=\"index, follow, max-snippet:-1, max-image-preview:large, max-video-preview:-1\" \/>\n<link rel=\"canonical\" href=\"https:\/\/www.altersresidenzverein.org\/index.php\/eigentuemer-projektleiter-spender\/\" \/>\n<meta property=\"og:locale\" content=\"de_DE\" \/>\n<meta property=\"og:type\" content=\"article\" \/>\n<meta property=\"og:title\" content=\"Eigent\u00fcmer \u2013 Projektleiter \u2013 Spender - ARV\" \/>\n<meta property=\"og:description\" content=\"Residenzen f\u00fcr Eigent\u00fcmer mit Wohnraum Sie k\u00f6nnen Ihr eigenes soziales Wohnprojekt umsetzen! Voraussetzungen: Sie haben Wohnraum und genaue Vorstellungen dar\u00fcber was Ihnen wichtig ist. Beispiel f\u00fcr Eigent\u00fcmer mit Wohnraum Wenn Sie \u00fcber Wohnraum verf\u00fcgen und&hellip;\" \/>\n<meta property=\"og:url\" content=\"https:\/\/www.altersresidenzverein.org\/index.php\/eigentuemer-projektleiter-spender\/\" \/>\n<meta property=\"og:site_name\" content=\"ARV\" \/>\n<meta property=\"article:modified_time\" content=\"2017-06-23T13:25:10+00:00\" \/>\n<meta name=\"twitter:card\" content=\"summary_large_image\" \/>\n<meta name=\"twitter:label1\" content=\"Gesch\u00e4tzte Lesezeit\" \/>\n\t<meta name=\"twitter:data1\" content=\"1\u00a0Minute\" \/>\n<script type=\"application\/ld+json\" class=\"yoast-schema-graph\">{\"@context\":\"https:\\\/\\\/schema.org\",\"@graph\":[{\"@type\":\"WebPage\",\"@id\":\"https:\\\/\\\/www.altersresidenzverein.org\\\/index.php\\\/eigentuemer-projektleiter-spender\\\/\",\"url\":\"https:\\\/\\\/www.altersresidenzverein.org\\\/index.php\\\/eigentuemer-projektleiter-spender\\\/\",\"name\":\"Eigent\u00fcmer \u2013 Projektleiter \u2013 Spender - ARV\",\"isPartOf\":{\"@id\":\"https:\\\/\\\/www.altersresidenzverein.org\\\/#website\"},\"datePublished\":\"2017-05-16T07:17:36+00:00\",\"dateModified\":\"2017-06-23T13:25:10+00:00\",\"breadcrumb\":{\"@id\":\"https:\\\/\\\/www.altersresidenzverein.org\\\/index.php\\\/eigentuemer-projektleiter-spender\\\/#breadcrumb\"},\"inLanguage\":\"de\",\"potentialAction\":[{\"@type\":\"ReadAction\",\"target\":[\"https:\\\/\\\/www.altersresidenzverein.org\\\/index.php\\\/eigentuemer-projektleiter-spender\\\/\"]}]},{\"@type\":\"BreadcrumbList\",\"@id\":\"https:\\\/\\\/www.altersresidenzverein.org\\\/index.php\\\/eigentuemer-projektleiter-spender\\\/#breadcrumb\",\"itemListElement\":[{\"@type\":\"ListItem\",\"position\":1,\"name\":\"Home\",\"item\":\"https:\\\/\\\/www.altersresidenzverein.org\\\/\"},{\"@type\":\"ListItem\",\"position\":2,\"name\":\"Eigent\u00fcmer \u2013 Projektleiter \u2013 Spender\"}]},{\"@type\":\"WebSite\",\"@id\":\"https:\\\/\\\/www.altersresidenzverein.org\\\/#website\",\"url\":\"https:\\\/\\\/www.altersresidenzverein.org\\\/\",\"name\":\"ARV\",\"description\":\"Leben in einer sozialen Gemeinschaft mit Gleichgesinnten und Lebensqualit\u00e4t\",\"potentialAction\":[{\"@type\":\"SearchAction\",\"target\":{\"@type\":\"EntryPoint\",\"urlTemplate\":\"https:\\\/\\\/www.altersresidenzverein.org\\\/?s={search_term_string}\"},\"query-input\":{\"@type\":\"PropertyValueSpecification\",\"valueRequired\":true,\"valueName\":\"search_term_string\"}}],\"inLanguage\":\"de\"}]}<\/script>\n<!-- \/ Yoast SEO plugin. -->","yoast_head_json":{"title":"Eigent\u00fcmer \u2013 Projektleiter \u2013 Spender - ARV","robots":{"index":"index","follow":"follow","max-snippet":"max-snippet:-1","max-image-preview":"max-image-preview:large","max-video-preview":"max-video-preview:-1"},"canonical":"https:\/\/www.altersresidenzverein.org\/index.php\/eigentuemer-projektleiter-spender\/","og_locale":"de_DE","og_type":"article","og_title":"Eigent\u00fcmer \u2013 Projektleiter \u2013 Spender - ARV","og_description":"Residenzen f\u00fcr Eigent\u00fcmer mit Wohnraum Sie k\u00f6nnen Ihr eigenes soziales Wohnprojekt umsetzen! Voraussetzungen: Sie haben Wohnraum und genaue Vorstellungen dar\u00fcber was Ihnen wichtig ist. Beispiel f\u00fcr Eigent\u00fcmer mit Wohnraum Wenn Sie \u00fcber Wohnraum verf\u00fcgen und&hellip;","og_url":"https:\/\/www.altersresidenzverein.org\/index.php\/eigentuemer-projektleiter-spender\/","og_site_name":"ARV","article_modified_time":"2017-06-23T13:25:10+00:00","twitter_card":"summary_large_image","twitter_misc":{"Gesch\u00e4tzte Lesezeit":"1\u00a0Minute"},"schema":{"@context":"https:\/\/schema.org","@graph":[{"@type":"WebPage","@id":"https:\/\/www.altersresidenzverein.org\/index.php\/eigentuemer-projektleiter-spender\/","url":"https:\/\/www.altersresidenzverein.org\/index.php\/eigentuemer-projektleiter-spender\/","name":"Eigent\u00fcmer \u2013 Projektleiter \u2013 Spender - ARV","isPartOf":{"@id":"https:\/\/www.altersresidenzverein.org\/#website"},"datePublished":"2017-05-16T07:17:36+00:00","dateModified":"2017-06-23T13:25:10+00:00","breadcrumb":{"@id":"https:\/\/www.altersresidenzverein.org\/index.php\/eigentuemer-projektleiter-spender\/#breadcrumb"},"inLanguage":"de","potentialAction":[{"@type":"ReadAction","target":["https:\/\/www.altersresidenzverein.org\/index.php\/eigentuemer-projektleiter-spender\/"]}]},{"@type":"BreadcrumbList","@id":"https:\/\/www.altersresidenzverein.org\/index.php\/eigentuemer-projektleiter-spender\/#breadcrumb","itemListElement":[{"@type":"ListItem","position":1,"name":"Home","item":"https:\/\/www.altersresidenzverein.org\/"},{"@type":"ListItem","position":2,"name":"Eigent\u00fcmer \u2013 Projektleiter \u2013 Spender"}]},{"@type":"WebSite","@id":"https:\/\/www.altersresidenzverein.org\/#website","url":"https:\/\/www.altersresidenzverein.org\/","name":"ARV","description":"Leben in einer sozialen Gemeinschaft mit Gleichgesinnten und Lebensqualit\u00e4t","potentialAction":[{"@type":"SearchAction","target":{"@type":"EntryPoint","urlTemplate":"https:\/\/www.altersresidenzverein.org\/?s={search_term_string}"},"query-input":{"@type":"PropertyValueSpecification","valueRequired":true,"valueName":"search_term_string"}}],"inLanguage":"de"}]}},"_links":{"self":[{"href":"https:\/\/www.altersresidenzverein.org\/index.php\/wp-json\/wp\/v2\/pages\/80","targetHints":{"allow":["GET"]}}],"collection":[{"href":"https:\/\/www.altersresidenzverein.org\/index.php\/wp-json\/wp\/v2\/pages"}],"about":[{"href":"https:\/\/www.altersresidenzverein.org\/index.php\/wp-json\/wp\/v2\/types\/page"}],"author":[{"embeddable":true,"href":"https:\/\/www.altersresidenzverein.org\/index.php\/wp-json\/wp\/v2\/users\/1"}],"replies":[{"embeddable":true,"href":"https:\/\/www.altersresidenzverein.org\/index.php\/wp-json\/wp\/v2\/comments?post=80"}],"version-history":[{"count":11,"href":"https:\/\/www.altersresidenzverein.org\/index.php\/wp-json\/wp\/v2\/pages\/80\/revisions"}],"predecessor-version":[{"id":131,"href":"https:\/\/www.altersresidenzverein.org\/index.php\/wp-json\/wp\/v2\/pages\/80\/revisions\/131"}],"wp:attachment":[{"href":"https:\/\/www.altersresidenzverein.org\/index.php\/wp-json\/wp\/v2\/media?parent=80"}],"curies":[{"name":"wp","href":"https:\/\/api.w.org\/{rel}","templated":true}]}}