{"id":27,"date":"2017-04-16T12:42:51","date_gmt":"2017-04-16T10:42:51","guid":{"rendered":"http:\/\/www.altersresidenzverein.org\/?page_id=27"},"modified":"2018-09-26T11:09:27","modified_gmt":"2018-09-26T09:09:27","slug":"impressum","status":"publish","type":"page","link":"https:\/\/www.altersresidenzverein.org\/index.php\/der-verein\/impressum\/","title":{"rendered":"Impressum"},"content":{"rendered":"<h4>Urheberrechte<\/h4>\n<p>\u00a9 Altersresidenzverein ARV, 9000 St. Gallen. Alle Rechte vorbehalten.<br \/>\nInhaber und Gesch\u00e4ftsf\u00fchrer: Herr Gerhard Hunziker<\/p>\n<p>Texte, Bilder, Grafiken, Sounds, Animationen oder Videos sowie deren Anordnung auf diesen Internetseiten unterliegen weltweit dem Schutz des Urheberrechts und anderen Schutzgesetzen. Unerlaubte Verwendung, Reproduktion oder Weitergabe einzelner Inhalte oder kompletter Seiten k\u00f6nnen sowohl straf- als auch zivilrechtlich verfolgt werden. Wir weisen darauf hin, dass auf diesen Internetseiten enthaltene Bilder teilweise dem Urheberrecht Dritter unterliegen. Alle Adressen, die wir auf unseren Internetseiten ver\u00f6ffentlichen, dienen ausschliesslich Informationszwecken. Eine kommerzielle Verwendung durch Dritte ist nicht gestattet.<\/p>\n<h4>Quellenangaben f\u00fcr die verwendeten Bilder und Grafiken:<\/h4>\n<p><a href=\"https:\/\/pixabay.com\" target=\"_blank\" rel=\"noopener\">https:\/\/pixabay.com<\/a><\/p>\n<h4>Kennzeichenrechte<\/h4>\n<p>Auf die uneingeschr\u00e4nkt bestehenden Kennzeichenrechte vom ARV und Dritten wird ausdr\u00fccklich hingewiesen.<\/p>\n<h4>Haftung f\u00fcr Inhalte<\/h4>\n<p>Die Inhalte unserer Seiten wurden mit gr\u00f6sster Sorgfalt erstellt. F\u00fcr die Richtigkeit, Vollst\u00e4ndigkeit und Aktualit\u00e4t der Inhalte k\u00f6nnen wir jedoch keine Gew\u00e4hr \u00fcbernehmen. Als Diensteanbieter sind wir\u00a0 f\u00fcr eigene Inhalte auf diesen Seiten nach den allgemeinen Gesetzen verantwortlich. Wir sind als Diensteanbieter jedoch nicht verpflichtet, \u00fcbermittelte oder gespeicherte fremde Informationen zu \u00fcberwachen oder nach Umst\u00e4nden zu forschen, die auf eine rechtswidrige T\u00e4tigkeit hinweisen. Verpflichtungen zur Entfernung oder Sperrung der Nutzung von Informationen nach den allgemeinen Gesetzen bleiben hiervon unber\u00fchrt. Eine diesbez\u00fcgliche Haftung ist jedoch erst ab dem Zeitpunkt der Kenntnis einer konkreten Rechtsverletzung m\u00f6glich. Bei Bekanntwerden von entsprechenden Rechtsverletzungen werden wir diese Inhalte umgehend entfernen.<\/p>\n<h4>Haftung f\u00fcr Links<\/h4>\n<p>Unser Angebot enth\u00e4lt Links zu externen Webseiten Dritter, auf deren Inhalte wir keinen Einfluss haben. Deshalb k\u00f6nnen wir f\u00fcr diese fremden Inhalte auch keine Gew\u00e4hr \u00fcbernehmen. F\u00fcr die Inhalte der verlinkten Seiten ist stets der jeweilige Anbieter oder Betreiber der Seiten verantwortlich. Die verlinkten Seiten wurden zum Zeitpunkt der Verlinkung auf m\u00f6gliche Rechtsverst\u00f6sse \u00fcberpr\u00fcft. Rechtswidrige Inhalte waren zum Zeitpunkt der Verlinkung nicht erkennbar. Eine permanente inhaltliche Kontrolle der verlinkten Seiten ist jedoch ohne konkrete Anhaltspunkte einer Rechtsverletzung nicht zumutbar. Bei Bekanntwerden von Rechtsverletzungen werden wir derartige Links umgehend entfernen.<\/p>\n<h4>Externe Querverweise (Hyperlinks usw.)<\/h4>\n<p>Der ARV ist als Inhaltsanbieter f\u00fcr die \u201eeigenen Inhalte\u201c, die zur Nutzung bereit gehalten werden, nach den allgemeinen Gesetzen verantwortlich. Von diesen eigenen Inhalten sind Querverweise auf die von anderen Anbietern bereitgehaltenen Inhalte zu unterscheiden. Durch den Querverweis h\u00e4lt der ARV insofern \u201efremde Inhalte\u201c zur Nutzung bereit. F\u00fcr diese fremden Inhalte ist ARV nur dann verantwortlich, wenn ARV von ihnen (d.h. auch von einem rechtswidrigen bzw. strafbaren Inhalt) positive Kenntnis hat und es dem ARV technisch m\u00f6glich und zumutbar ist, deren Nutzung zu verhindern. Bei Querverweisen handelt es sich allerdings stets um \u201elebende\u201c (dynamische) Verweisungen. Der ARV hat bei der erstmaligen Verkn\u00fcpfung zwar den fremden Inhalt daraufhin \u00fcberpr\u00fcft, ob durch ihn eine m\u00f6gliche zivilrechtliche oder strafrechtliche Verantwortlichkeit ausgel\u00f6st wird. Der ARV ist aber nach dem Gesetz nicht dazu verpflichtet, die Inhalte, auf die er in seinem Angebot verweist, st\u00e4ndig auf Ver\u00e4nderungen zu \u00fcberpr\u00fcfen, die eine Verantwortlichkeit neu begr\u00fcnden k\u00f6nnten. Erst wenn der ARV feststellt oder von anderen darauf hingewiesen wird, dass ein konkretes Angebot, zu dem der ARV einen Querverweis bereitgestellt hat, eine zivil- oder strafrechtliche Verantwortlichkeit ausl\u00f6st, wird der ARV den Verweis auf dieses Angebot aufheben, soweit dem ARV dies technisch m\u00f6glich und zumutbar ist. Der ARV beh\u00e4lt sich das Recht vor, jederzeit die bereitgestellten Informationen ganz oder teilweise zu ver\u00e4ndern, zu erg\u00e4nzen oder zu entfernen.<\/p>\n<h4>Cookies<\/h4>\n<p>Diese Webseite verwendet Cookies, damit Sie die Seite reibungslos und unkompliziert nutzen k\u00f6nnen. Die Cookies dienen lediglich internen Zwecken: Es handelt sich um so genannte Session-Cookies, die eine Nutzungs-ID enthalten.<\/p>\n","protected":false},"excerpt":{"rendered":"<p>Urheberrechte \u00a9 Altersresidenzverein ARV, 9000 St. Gallen. Alle Rechte vorbehalten. Inhaber und Gesch\u00e4ftsf\u00fchrer: Herr Gerhard Hunziker Texte, Bilder, Grafiken, Sounds, Animationen oder Videos sowie deren Anordnung auf diesen Internetseiten unterliegen weltweit dem Schutz des Urheberrechts&hellip;<\/p>\n","protected":false},"author":1,"featured_media":0,"parent":22,"menu_order":1,"comment_status":"closed","ping_status":"closed","template":"","meta":{"footnotes":""},"class_list":["post-27","page","type-page","status-publish","hentry"],"yoast_head":"<!-- This site is optimized with the Yoast SEO plugin v27.5 - https:\/\/yoast.com\/product\/yoast-seo-wordpress\/ -->\n<title>Impressum - ARV<\/title>\n<meta name=\"robots\" content=\"index, follow, max-snippet:-1, max-image-preview:large, max-video-preview:-1\" \/>\n<link rel=\"canonical\" href=\"https:\/\/www.altersresidenzverein.org\/index.php\/der-verein\/impressum\/\" \/>\n<meta property=\"og:locale\" content=\"de_DE\" \/>\n<meta property=\"og:type\" content=\"article\" \/>\n<meta property=\"og:title\" content=\"Impressum - ARV\" \/>\n<meta property=\"og:description\" content=\"Urheberrechte \u00a9 Altersresidenzverein ARV, 9000 St. Gallen. Alle Rechte vorbehalten. Inhaber und Gesch\u00e4ftsf\u00fchrer: Herr Gerhard Hunziker Texte, Bilder, Grafiken, Sounds, Animationen oder Videos sowie deren Anordnung auf diesen Internetseiten unterliegen weltweit dem Schutz des Urheberrechts&hellip;\" \/>\n<meta property=\"og:url\" content=\"https:\/\/www.altersresidenzverein.org\/index.php\/der-verein\/impressum\/\" \/>\n<meta property=\"og:site_name\" content=\"ARV\" \/>\n<meta property=\"article:modified_time\" content=\"2018-09-26T09:09:27+00:00\" \/>\n<meta name=\"twitter:card\" content=\"summary_large_image\" \/>\n<meta name=\"twitter:label1\" content=\"Gesch\u00e4tzte Lesezeit\" \/>\n\t<meta name=\"twitter:data1\" content=\"3\u00a0Minuten\" \/>\n<script type=\"application\/ld+json\" class=\"yoast-schema-graph\">{\"@context\":\"https:\\\/\\\/schema.org\",\"@graph\":[{\"@type\":\"WebPage\",\"@id\":\"https:\\\/\\\/www.altersresidenzverein.org\\\/index.php\\\/der-verein\\\/impressum\\\/\",\"url\":\"https:\\\/\\\/www.altersresidenzverein.org\\\/index.php\\\/der-verein\\\/impressum\\\/\",\"name\":\"Impressum - ARV\",\"isPartOf\":{\"@id\":\"https:\\\/\\\/www.altersresidenzverein.org\\\/#website\"},\"datePublished\":\"2017-04-16T10:42:51+00:00\",\"dateModified\":\"2018-09-26T09:09:27+00:00\",\"breadcrumb\":{\"@id\":\"https:\\\/\\\/www.altersresidenzverein.org\\\/index.php\\\/der-verein\\\/impressum\\\/#breadcrumb\"},\"inLanguage\":\"de\",\"potentialAction\":[{\"@type\":\"ReadAction\",\"target\":[\"https:\\\/\\\/www.altersresidenzverein.org\\\/index.php\\\/der-verein\\\/impressum\\\/\"]}]},{\"@type\":\"BreadcrumbList\",\"@id\":\"https:\\\/\\\/www.altersresidenzverein.org\\\/index.php\\\/der-verein\\\/impressum\\\/#breadcrumb\",\"itemListElement\":[{\"@type\":\"ListItem\",\"position\":1,\"name\":\"Home\",\"item\":\"https:\\\/\\\/www.altersresidenzverein.org\\\/\"},{\"@type\":\"ListItem\",\"position\":2,\"name\":\"Altersresidenzverein\",\"item\":\"https:\\\/\\\/www.altersresidenzverein.org\\\/index.php\\\/der-verein\\\/\"},{\"@type\":\"ListItem\",\"position\":3,\"name\":\"Impressum\"}]},{\"@type\":\"WebSite\",\"@id\":\"https:\\\/\\\/www.altersresidenzverein.org\\\/#website\",\"url\":\"https:\\\/\\\/www.altersresidenzverein.org\\\/\",\"name\":\"ARV\",\"description\":\"Leben in einer sozialen Gemeinschaft mit Gleichgesinnten und Lebensqualit\u00e4t\",\"potentialAction\":[{\"@type\":\"SearchAction\",\"target\":{\"@type\":\"EntryPoint\",\"urlTemplate\":\"https:\\\/\\\/www.altersresidenzverein.org\\\/?s={search_term_string}\"},\"query-input\":{\"@type\":\"PropertyValueSpecification\",\"valueRequired\":true,\"valueName\":\"search_term_string\"}}],\"inLanguage\":\"de\"}]}<\/script>\n<!-- \/ Yoast SEO plugin. -->","yoast_head_json":{"title":"Impressum - ARV","robots":{"index":"index","follow":"follow","max-snippet":"max-snippet:-1","max-image-preview":"max-image-preview:large","max-video-preview":"max-video-preview:-1"},"canonical":"https:\/\/www.altersresidenzverein.org\/index.php\/der-verein\/impressum\/","og_locale":"de_DE","og_type":"article","og_title":"Impressum - ARV","og_description":"Urheberrechte \u00a9 Altersresidenzverein ARV, 9000 St. Gallen. Alle Rechte vorbehalten. Inhaber und Gesch\u00e4ftsf\u00fchrer: Herr Gerhard Hunziker Texte, Bilder, Grafiken, Sounds, Animationen oder Videos sowie deren Anordnung auf diesen Internetseiten unterliegen weltweit dem Schutz des Urheberrechts&hellip;","og_url":"https:\/\/www.altersresidenzverein.org\/index.php\/der-verein\/impressum\/","og_site_name":"ARV","article_modified_time":"2018-09-26T09:09:27+00:00","twitter_card":"summary_large_image","twitter_misc":{"Gesch\u00e4tzte Lesezeit":"3\u00a0Minuten"},"schema":{"@context":"https:\/\/schema.org","@graph":[{"@type":"WebPage","@id":"https:\/\/www.altersresidenzverein.org\/index.php\/der-verein\/impressum\/","url":"https:\/\/www.altersresidenzverein.org\/index.php\/der-verein\/impressum\/","name":"Impressum - ARV","isPartOf":{"@id":"https:\/\/www.altersresidenzverein.org\/#website"},"datePublished":"2017-04-16T10:42:51+00:00","dateModified":"2018-09-26T09:09:27+00:00","breadcrumb":{"@id":"https:\/\/www.altersresidenzverein.org\/index.php\/der-verein\/impressum\/#breadcrumb"},"inLanguage":"de","potentialAction":[{"@type":"ReadAction","target":["https:\/\/www.altersresidenzverein.org\/index.php\/der-verein\/impressum\/"]}]},{"@type":"BreadcrumbList","@id":"https:\/\/www.altersresidenzverein.org\/index.php\/der-verein\/impressum\/#breadcrumb","itemListElement":[{"@type":"ListItem","position":1,"name":"Home","item":"https:\/\/www.altersresidenzverein.org\/"},{"@type":"ListItem","position":2,"name":"Altersresidenzverein","item":"https:\/\/www.altersresidenzverein.org\/index.php\/der-verein\/"},{"@type":"ListItem","position":3,"name":"Impressum"}]},{"@type":"WebSite","@id":"https:\/\/www.altersresidenzverein.org\/#website","url":"https:\/\/www.altersresidenzverein.org\/","name":"ARV","description":"Leben in einer sozialen Gemeinschaft mit Gleichgesinnten und Lebensqualit\u00e4t","potentialAction":[{"@type":"SearchAction","target":{"@type":"EntryPoint","urlTemplate":"https:\/\/www.altersresidenzverein.org\/?s={search_term_string}"},"query-input":{"@type":"PropertyValueSpecification","valueRequired":true,"valueName":"search_term_string"}}],"inLanguage":"de"}]}},"_links":{"self":[{"href":"https:\/\/www.altersresidenzverein.org\/index.php\/wp-json\/wp\/v2\/pages\/27","targetHints":{"allow":["GET"]}}],"collection":[{"href":"https:\/\/www.altersresidenzverein.org\/index.php\/wp-json\/wp\/v2\/pages"}],"about":[{"href":"https:\/\/www.altersresidenzverein.org\/index.php\/wp-json\/wp\/v2\/types\/page"}],"author":[{"embeddable":true,"href":"https:\/\/www.altersresidenzverein.org\/index.php\/wp-json\/wp\/v2\/users\/1"}],"replies":[{"embeddable":true,"href":"https:\/\/www.altersresidenzverein.org\/index.php\/wp-json\/wp\/v2\/comments?post=27"}],"version-history":[{"count":3,"href":"https:\/\/www.altersresidenzverein.org\/index.php\/wp-json\/wp\/v2\/pages\/27\/revisions"}],"predecessor-version":[{"id":158,"href":"https:\/\/www.altersresidenzverein.org\/index.php\/wp-json\/wp\/v2\/pages\/27\/revisions\/158"}],"up":[{"embeddable":true,"href":"https:\/\/www.altersresidenzverein.org\/index.php\/wp-json\/wp\/v2\/pages\/22"}],"wp:attachment":[{"href":"https:\/\/www.altersresidenzverein.org\/index.php\/wp-json\/wp\/v2\/media?parent=27"}],"curies":[{"name":"wp","href":"https:\/\/api.w.org\/{rel}","templated":true}]}}