{"id":22,"date":"2017-04-16T12:32:22","date_gmt":"2017-04-16T10:32:22","guid":{"rendered":"http:\/\/www.altersresidenzverein.org\/?page_id=22"},"modified":"2018-09-26T13:14:38","modified_gmt":"2018-09-26T11:14:38","slug":"der-verein","status":"publish","type":"page","link":"https:\/\/www.altersresidenzverein.org\/index.php\/der-verein\/","title":{"rendered":"Altersresidenzverein"},"content":{"rendered":"<h1>Der Altersresidenzverein ARV<\/h1>\n<h2>Wir schaffen sozialen Wohnraum mit Lebensqualit\u00e4t f\u00fcr \u00e4ltere und bed\u00fcrftige Menschen.<\/h2>\n<p><span style=\"font-size: 12pt;\">Der Altersresidenzverein sucht gleichgesinnte Menschen, welche in einer individuellen Gemeinschaft \u201evital und jung\u201c den Tagen im Alter begegnen wollen.<\/span><br \/>\n<span style=\"font-size: 12pt;\"> Das k\u00f6nnen Singles und Paare sein. Die Gemeinsamkeiten aller Bewohner und die Induvidualit\u00e4t des Einzelnen, sind in der heutigen Zeit kein Widerspruch, sondern wichtige Erg\u00e4nzungen, die gemeinschaftlich ausgelebt werden k\u00f6nnen! Ein echter Mehrwehr f\u00fcr jeden Bewohner.<\/span><\/p>\n<p><span style=\"font-size: 12pt;\">Unsere Gesellschaft entwickelt sich fortw\u00e4hrend. Doch in Sachen ges\u00fcnder und vitaler alt zu werden, m\u00fcssen neue Formen entwickelt und umgesetzt werden. Der\u00a0 Altersresidenzverein verf\u00fcgt \u00fcber verschiedenste Kozepte von \u201ealternativen\u201c Wohnformen und setzt diese eigenst\u00e4ndig mit seinen Mitgliedern und Bewohnern um.<\/span><\/p>\n<p><span style=\"font-size: 12pt;\">Die Bewohner der \u201ekleinen\u201c Gruppen zwischen 3 -15 Personen leben zusammen und nutzen die F\u00e4higkeit\/ en der einzelnen Bewohner, um zus\u00e4tzliche Lebensqualit\u00e4t zu erschaffen. Weil viele Menschen nicht \u00fcber die notwendigen finanziellen Mittel verf\u00fcgen, um die Tage im Alter mit Lebensqualit\u00e4t und Gleichgesinnten zu verbringen, hat der Altersresidenzverein klare Konzepte f\u00fcr die Umsetzung von sozialen Wohnkonzepten mit Lebensqualit\u00e4t f\u00fcr die Bewohner geschaffen.<\/span><\/p>\n<h2>Alt werden in einer sozialen gemeinschaftlichen Wohnform mit Gleichgesinnten und Lebensqualit\u00e4t<\/h2>\n<p><span style=\"font-size: 12pt;\">Gesucht werden Menschen f\u00fcr individuelle Wohngemeinschaften, in denen der Gedanke der Gemeinschaft auch wirklich gelebt wird.<\/span><\/p>\n<p><span style=\"font-size: 12pt;\">Mittelpunkt des gemeinschaftlichen Gedankens ist der \u201eMensch\u201c in einer sozialen Wohnform. Grundlagen f\u00fcr ein erfolgreiches Zusammenleben sind, Respekt und Klarheit gegen\u00fcber den Mitbewohnern, die f\u00fcr das gemeinsame wohnen und gestalten sorgen. Durch sorgf\u00e4ltigen Umgang mit den verschiedenen Charakteren und Situationen ist es m\u00f6glich ein gutes Wohnklima zu schaffen.<\/span><\/p>\n<p><span style=\"font-size: 12pt;\">Vereinsmitglieder des Altersresidenzvereins suchen Gleichgesinnte, damit die Basis f\u00fcr ein gutes Zusammenleben gegeben ist! Somit wird die Lebensqualit\u00e4t der einzelnen Parteien klar verbessert, da jeder Bewohner genau das machen kann was ihm pers\u00f6nlich liegt. So kann es sein, dass ein Bewohner einkaufen geht und der andere die Gartenarbeit erledigt.<\/span><\/p>\n<h2>Alters-, bzw. gesundheitsgerechtes wohnen mit Lebensqualit\u00e4t<\/h2>\n<p><span style=\"font-size: 12pt;\">Der Altersresidenzverein verbindet alle Wohnformen mit dem Begriff des \u201eAlters\u201c, da jeder Mensch gleichermassen st\u00e4ndig \u00e4lter wird und insbesondere bis ins hohe Alter hinein sicher und angenehm leben m\u00f6chte.<\/span><\/p>\n<p><span style=\"font-size: 12pt;\">Hierf\u00fcr hat der Verein auch die M\u00f6glichkeit geschaffen, die Immobilien die zur Verf\u00fcgung gestellt wird vollumf\u00e4nglich zu renovieren. Damit ist f\u00fcr den Hauseigent\u00fcmer\/ Projektleiter bzw. Spender die Sicherheit geschaffen, dass er sicher bis zum Lebensende in seinem Haus wohnen kann.<\/span><\/p>\n<h2>Spenden an den Altersresidenzverein<\/h2>\n<p><span style=\"font-size: 12pt;\">Spenden klein oder gross sind herzlichst willkommen! Mit Ihrem Wohlwollen tragen Sie dazu bei, dass diese neuartige soziale Wohnform f\u00fcr ein sicheres Leben in einer Gemeinschaft zu den Menschen findet. Werden Sie auch Bewohner dieser neuen Lebensform!<\/span><\/p>\n<p>&nbsp;<\/p>\n","protected":false},"excerpt":{"rendered":"<p>Der Altersresidenzverein ARV Wir schaffen sozialen Wohnraum mit Lebensqualit\u00e4t f\u00fcr \u00e4ltere und bed\u00fcrftige Menschen. Der Altersresidenzverein sucht gleichgesinnte Menschen, welche in einer individuellen Gemeinschaft \u201evital und jung\u201c den Tagen im Alter begegnen wollen. Das k\u00f6nnen&hellip;<\/p>\n","protected":false},"author":1,"featured_media":0,"parent":0,"menu_order":0,"comment_status":"closed","ping_status":"closed","template":"","meta":{"footnotes":""},"class_list":["post-22","page","type-page","status-publish","hentry"],"yoast_head":"<!-- This site is optimized with the Yoast SEO plugin v27.5 - https:\/\/yoast.com\/product\/yoast-seo-wordpress\/ -->\n<title>Altersresidenzverein - ARV<\/title>\n<meta name=\"robots\" content=\"index, follow, max-snippet:-1, max-image-preview:large, max-video-preview:-1\" \/>\n<link rel=\"canonical\" href=\"https:\/\/www.altersresidenzverein.org\/index.php\/der-verein\/\" \/>\n<meta property=\"og:locale\" content=\"de_DE\" \/>\n<meta property=\"og:type\" content=\"article\" \/>\n<meta property=\"og:title\" content=\"Altersresidenzverein - ARV\" \/>\n<meta property=\"og:description\" content=\"Der Altersresidenzverein ARV Wir schaffen sozialen Wohnraum mit Lebensqualit\u00e4t f\u00fcr \u00e4ltere und bed\u00fcrftige Menschen. Der Altersresidenzverein sucht gleichgesinnte Menschen, welche in einer individuellen Gemeinschaft \u201evital und jung\u201c den Tagen im Alter begegnen wollen. Das k\u00f6nnen&hellip;\" \/>\n<meta property=\"og:url\" content=\"https:\/\/www.altersresidenzverein.org\/index.php\/der-verein\/\" \/>\n<meta property=\"og:site_name\" content=\"ARV\" \/>\n<meta property=\"article:modified_time\" content=\"2018-09-26T11:14:38+00:00\" \/>\n<meta name=\"twitter:card\" content=\"summary_large_image\" \/>\n<meta name=\"twitter:label1\" content=\"Gesch\u00e4tzte Lesezeit\" \/>\n\t<meta name=\"twitter:data1\" content=\"2\u00a0Minuten\" \/>\n<script type=\"application\/ld+json\" class=\"yoast-schema-graph\">{\"@context\":\"https:\\\/\\\/schema.org\",\"@graph\":[{\"@type\":\"WebPage\",\"@id\":\"https:\\\/\\\/www.altersresidenzverein.org\\\/index.php\\\/der-verein\\\/\",\"url\":\"https:\\\/\\\/www.altersresidenzverein.org\\\/index.php\\\/der-verein\\\/\",\"name\":\"Altersresidenzverein - ARV\",\"isPartOf\":{\"@id\":\"https:\\\/\\\/www.altersresidenzverein.org\\\/#website\"},\"datePublished\":\"2017-04-16T10:32:22+00:00\",\"dateModified\":\"2018-09-26T11:14:38+00:00\",\"breadcrumb\":{\"@id\":\"https:\\\/\\\/www.altersresidenzverein.org\\\/index.php\\\/der-verein\\\/#breadcrumb\"},\"inLanguage\":\"de\",\"potentialAction\":[{\"@type\":\"ReadAction\",\"target\":[\"https:\\\/\\\/www.altersresidenzverein.org\\\/index.php\\\/der-verein\\\/\"]}]},{\"@type\":\"BreadcrumbList\",\"@id\":\"https:\\\/\\\/www.altersresidenzverein.org\\\/index.php\\\/der-verein\\\/#breadcrumb\",\"itemListElement\":[{\"@type\":\"ListItem\",\"position\":1,\"name\":\"Home\",\"item\":\"https:\\\/\\\/www.altersresidenzverein.org\\\/\"},{\"@type\":\"ListItem\",\"position\":2,\"name\":\"Altersresidenzverein\"}]},{\"@type\":\"WebSite\",\"@id\":\"https:\\\/\\\/www.altersresidenzverein.org\\\/#website\",\"url\":\"https:\\\/\\\/www.altersresidenzverein.org\\\/\",\"name\":\"ARV\",\"description\":\"Leben in einer sozialen Gemeinschaft mit Gleichgesinnten und Lebensqualit\u00e4t\",\"potentialAction\":[{\"@type\":\"SearchAction\",\"target\":{\"@type\":\"EntryPoint\",\"urlTemplate\":\"https:\\\/\\\/www.altersresidenzverein.org\\\/?s={search_term_string}\"},\"query-input\":{\"@type\":\"PropertyValueSpecification\",\"valueRequired\":true,\"valueName\":\"search_term_string\"}}],\"inLanguage\":\"de\"}]}<\/script>\n<!-- \/ Yoast SEO plugin. -->","yoast_head_json":{"title":"Altersresidenzverein - ARV","robots":{"index":"index","follow":"follow","max-snippet":"max-snippet:-1","max-image-preview":"max-image-preview:large","max-video-preview":"max-video-preview:-1"},"canonical":"https:\/\/www.altersresidenzverein.org\/index.php\/der-verein\/","og_locale":"de_DE","og_type":"article","og_title":"Altersresidenzverein - ARV","og_description":"Der Altersresidenzverein ARV Wir schaffen sozialen Wohnraum mit Lebensqualit\u00e4t f\u00fcr \u00e4ltere und bed\u00fcrftige Menschen. Der Altersresidenzverein sucht gleichgesinnte Menschen, welche in einer individuellen Gemeinschaft \u201evital und jung\u201c den Tagen im Alter begegnen wollen. Das k\u00f6nnen&hellip;","og_url":"https:\/\/www.altersresidenzverein.org\/index.php\/der-verein\/","og_site_name":"ARV","article_modified_time":"2018-09-26T11:14:38+00:00","twitter_card":"summary_large_image","twitter_misc":{"Gesch\u00e4tzte Lesezeit":"2\u00a0Minuten"},"schema":{"@context":"https:\/\/schema.org","@graph":[{"@type":"WebPage","@id":"https:\/\/www.altersresidenzverein.org\/index.php\/der-verein\/","url":"https:\/\/www.altersresidenzverein.org\/index.php\/der-verein\/","name":"Altersresidenzverein - ARV","isPartOf":{"@id":"https:\/\/www.altersresidenzverein.org\/#website"},"datePublished":"2017-04-16T10:32:22+00:00","dateModified":"2018-09-26T11:14:38+00:00","breadcrumb":{"@id":"https:\/\/www.altersresidenzverein.org\/index.php\/der-verein\/#breadcrumb"},"inLanguage":"de","potentialAction":[{"@type":"ReadAction","target":["https:\/\/www.altersresidenzverein.org\/index.php\/der-verein\/"]}]},{"@type":"BreadcrumbList","@id":"https:\/\/www.altersresidenzverein.org\/index.php\/der-verein\/#breadcrumb","itemListElement":[{"@type":"ListItem","position":1,"name":"Home","item":"https:\/\/www.altersresidenzverein.org\/"},{"@type":"ListItem","position":2,"name":"Altersresidenzverein"}]},{"@type":"WebSite","@id":"https:\/\/www.altersresidenzverein.org\/#website","url":"https:\/\/www.altersresidenzverein.org\/","name":"ARV","description":"Leben in einer sozialen Gemeinschaft mit Gleichgesinnten und Lebensqualit\u00e4t","potentialAction":[{"@type":"SearchAction","target":{"@type":"EntryPoint","urlTemplate":"https:\/\/www.altersresidenzverein.org\/?s={search_term_string}"},"query-input":{"@type":"PropertyValueSpecification","valueRequired":true,"valueName":"search_term_string"}}],"inLanguage":"de"}]}},"_links":{"self":[{"href":"https:\/\/www.altersresidenzverein.org\/index.php\/wp-json\/wp\/v2\/pages\/22","targetHints":{"allow":["GET"]}}],"collection":[{"href":"https:\/\/www.altersresidenzverein.org\/index.php\/wp-json\/wp\/v2\/pages"}],"about":[{"href":"https:\/\/www.altersresidenzverein.org\/index.php\/wp-json\/wp\/v2\/types\/page"}],"author":[{"embeddable":true,"href":"https:\/\/www.altersresidenzverein.org\/index.php\/wp-json\/wp\/v2\/users\/1"}],"replies":[{"embeddable":true,"href":"https:\/\/www.altersresidenzverein.org\/index.php\/wp-json\/wp\/v2\/comments?post=22"}],"version-history":[{"count":23,"href":"https:\/\/www.altersresidenzverein.org\/index.php\/wp-json\/wp\/v2\/pages\/22\/revisions"}],"predecessor-version":[{"id":170,"href":"https:\/\/www.altersresidenzverein.org\/index.php\/wp-json\/wp\/v2\/pages\/22\/revisions\/170"}],"wp:attachment":[{"href":"https:\/\/www.altersresidenzverein.org\/index.php\/wp-json\/wp\/v2\/media?parent=22"}],"curies":[{"name":"wp","href":"https:\/\/api.w.org\/{rel}","templated":true}]}}